{"id":14755,"date":"2021-06-21T13:03:42","date_gmt":"2021-06-21T11:03:42","guid":{"rendered":"https:\/\/abrilbike.com\/politica-de-cookies-2\/"},"modified":"2025-07-07T15:33:23","modified_gmt":"2025-07-07T13:33:23","slug":"politica-de-cookies","status":"publish","type":"page","link":"https:\/\/abrilbike.com\/ca\/politica-de-cookies\/","title":{"rendered":"Pol\u00edtica de Cookies"},"content":{"rendered":"<p>[et_pb_section fb_built=&#8221;1&#8243; _builder_version=&#8221;4.9.7&#8243; _module_preset=&#8221;default&#8221; global_colors_info=&#8221;{}&#8221;][et_pb_row _builder_version=&#8221;4.9.7&#8243; _module_preset=&#8221;default&#8221; global_colors_info=&#8221;{}&#8221;][et_pb_column type=&#8221;4_4&#8243; _builder_version=&#8221;4.9.7&#8243; _module_preset=&#8221;default&#8221; global_colors_info=&#8221;{}&#8221;][et_pb_text _builder_version=&#8221;4.9.7&#8243; _module_preset=&#8221;default&#8221; global_colors_info=&#8221;{}&#8221;]<\/p>\n<h1><strong>Pol\u00edtica de Cookies<\/strong><\/h1>\n<p>De conformitat amb la normativa espanyola que regula l&#8217;\u00fas de cookies en relaci\u00f3 a la prestaci\u00f3 de serveis de comunicacions electr\u00f2niques, recollida al Reial Decret Llei 13\/2012 del 30 de mar\u00e7, us informem sobre les cookies utilitzades al lloc web de<span> <\/span><strong>EDUARDO GUTI\u00c9RREZ Y\u00c1\u00d1EZ,<span> <\/span><\/strong>(tamb\u00e9 el Prestador) i el motiu del seu \u00fas. Aix\u00ed mateix, us informem que en navegar al Lloc Web vost\u00e8 est\u00e0 prestant el seu consentiment per poder utilitzar-les. <\/p>\n<h3><strong>QU\u00c8 S\u00d3N LES COOKIES?<\/strong><\/h3>\n<p>Una cookie \u00e9s un fitxer que es descarrega al vostre ordinador en accedir a determinades p\u00e0gines web. Les cookies permeten a una p\u00e0gina web, entre altres coses, emmagatzemar i recuperar informaci\u00f3 sobre els h\u00e0bits de navegaci\u00f3 d&#8217;un usuari o del seu equip i, depenent de la informaci\u00f3 que continguin i de la manera com utilitzi el seu equip, es poden utilitzar per recon\u00e8ixer l&#8217;usuari. Les cookies s&#8217;associen \u00fanicament a un usuari an\u00f2nim i el seu ordinador o dispositiu i no proporcionen refer\u00e8ncies que permetin con\u00e8ixer les vostres dades personals.  <\/p>\n<h3><strong>COOKIES AFECTADES PER LA NORMATIVA I COOKIES EXEMPTES<\/strong><\/h3>\n<p>Segons la directiva de la UE, les cookies que requereixen el consentiment informat per part de l&#8217;usuari s\u00f3n les cookies d&#8217;anal\u00edtica i les de publicitat i afiliaci\u00f3, i queden exceptuades les de car\u00e0cter t\u00e8cnic i les necess\u00e0ries per al funcionament del lloc web o la prestaci\u00f3 de serveis expressament demandats per l&#8217;usuari.<\/p>\n<h3><strong>TIPUS DE COOKIES<\/strong><\/h3>\n<ol>\n<li>Segons la<span> <\/span><strong>entitat<\/strong><span> <\/span>que les gestioni, hi ha<span> <\/span><strong>Cookies pr\u00f2pies<\/strong><span> <\/span>(aquelles que s&#8217;envien a l&#8217;equip terminal de l&#8217;usuari des d&#8217;un equip o domini gestionat pel mateix editor i des del qual es presta el servei Sol\u00b7licitat per l&#8217;usuari) i<span> <\/span><strong>de tercers<\/strong><span> <\/span>(les que s&#8217;envien a l&#8217;equip terminal de l&#8217;usuari des d&#8217;un equip o domini que no \u00e9s gestionat per l&#8217;editor, sin\u00f3 per una altra entitat que tracta les dades obtingudes a trav\u00e9s de les cookies).<\/li>\n<li>Segons el<span> <\/span><strong>temps<\/strong><span> <\/span>que romanen actives, existeixen les de<span> <\/span><strong>sessi\u00f3<\/strong><span> <\/span>(dissenyades per demanar i emmagatzemar dades mentre l&#8217;usuari accedeix a una p\u00e0gina web) i les<span> <\/span><strong>persistents<\/strong><span> <\/span>(en qu\u00e8 les dades s&#8217;emmagatzemen al terminal i poden ser accedides i tractades durant un per\u00edode definit pel responsable de la galeta -pot anar d&#8217;uns minuts a diversos anys-).<\/li>\n<li>Segons la<span> <\/span><strong>finalitat<\/strong><span> <\/span>per a la qual tractin la informaci\u00f3 que recopilen, poden ser:<\/li>\n<\/ol>\n<ul>\n<li><strong>Cookies t\u00e8cniques<\/strong><span> <\/span>(necess\u00e0ries per a l&#8217;\u00fas del web i la prestaci\u00f3 del servei contractat).<\/li>\n<li><strong>Cookies de personalitzaci\u00f3<\/strong><span> <\/span>(que permeten a l&#8217;usuari accedir al servei amb caracter\u00edstiques predefinides, com ara l&#8217;idioma, el tipus de navegador, la configuraci\u00f3 regional, etc.).<\/li>\n<li><strong>Cookies d&#8217;an\u00e0lisi<\/strong><span> <\/span>(recullin informaci\u00f3 de l&#8217;\u00fas que es fa de la web).<\/li>\n<li><strong>Cookies publicit\u00e0ries<\/strong><span> <\/span>(recullen informaci\u00f3 sobre les prefer\u00e8ncies i eleccions personals dels usuaris).<\/li>\n<li><strong>Cookies d&#8217;afiliats<\/strong><span> <\/span>(permeten fer un seguiment de les visites procedents d&#8217;altres webs, amb les quals el lloc web estableix un contracte d&#8217;afiliaci\u00f3).<\/li>\n<\/ul>\n<h3><strong>TIPUS DE COOKIES UTILITZADES PER AQUEST LLOC WEB<\/strong><\/h3>\n<p>Les cookies utilitzades al nostre lloc web s\u00f3n de sessi\u00f3 i de tercers, i ens permeten emmagatzemar i accedir a informaci\u00f3 relativa a l&#8217;idioma, el tipus de navegador utilitzat, i altres caracter\u00edstiques generals predefinides per l&#8217;usuari, aix\u00ed com seguir i analitzar l&#8217;activitat que duu a terme per millorar i prestar els nostres serveis d&#8217;una manera m\u00e9s eficient i personalitzada. Les cookies usades tenen, en tot cas, car\u00e0cter temporal, amb l&#8217;\u00fanica finalitat de fer m\u00e9s efica\u00e7 la navegaci\u00f3. En cap cas aquestes cookies proporcionen per si mateixes dades de car\u00e0cter personal i no s&#8217;usen per a la recollida dels mateixos.  <\/p>\n<p>La utilitzaci\u00f3 de les cookies ofereix avantatges, com per exemple:<\/p>\n<ul>\n<li>facilita a l&#8217;usuari la navegaci\u00f3 i l&#8217;acc\u00e9s als diferents serveis que ofereix aquest lloc web;<\/li>\n<li>evita a l&#8217;usuari haver de configurar les caracter\u00edstiques generals predefinides cada cop que accedeix al lloc web;<\/li>\n<li>i afavoreix la millora del funcionament i dels serveis prestats a trav\u00e9s d&#8217;aquest lloc web, despr\u00e9s de l&#8217;an\u00e0lisi corresponent de la informaci\u00f3 obtinguda a trav\u00e9s de les cookies instal\u00b7lades.<\/li>\n<\/ul>\n<p>En accedir al nostre web se us informa que si segueix navegant se us instal\u00b7laran diverses galetes de tercers consentint aix\u00ed la instal\u00b7laci\u00f3 de determinades cookies que tindran com a \u00fanica finalitat la de registrar l&#8217;acc\u00e9s al nostre lloc web per a la realitzaci\u00f3 d&#8217;estad\u00edstiques an\u00f2nimes sobre les visites, recopilant informaci\u00f3 sempre de forma an\u00f2nima. No cal que accepteu la instal\u00b7laci\u00f3 d&#8217;aquestes cookies, podreu navegar igualment per tota la nostra web. <\/p>\n<p>A diverses seccions de la nostra web es podran instal\u00b7lar cookies de xarxes socials, en concret les seg\u00fcents:<\/p>\n<ul>\n<li>Cookies de Twitter, segons el que disposa la seva pol\u00edtica de privadesa i \u00fas de cookies.<\/li>\n<li>Cookies de Facebook, segons el que disposa la seva pol\u00edtica de cookies.<\/li>\n<li>Cookies d&#8217;Instagram, segons el que disposa la seva pol\u00edtica de cookies.<\/li>\n<li>Cookies de Vimeo, segons el que disposa la seva pol\u00edtica de cookies.<\/li>\n<\/ul>\n<table width=\"734\">\n<tbody>\n<tr>\n<td width=\"121\">Nom<\/td>\n<td width=\"104\">Tipus<\/td>\n<td width=\"104\">Caducitat<\/td>\n<td width=\"236\">Finalitat<\/td>\n<td width=\"77\">Classe<\/td>\n<\/tr>\n<tr>\n<td width=\"121\">  Google (_ga i _gid)<\/td>\n<td width=\"104\">Sessi\u00f3, persistents i an\u00e0lisi<\/td>\n<td width=\"104\">2 anys des de la darrera configuraci\u00f3 \/ actualitzaci\u00f3<\/td>\n<td width=\"236\">An\u00e0lisi i emissi\u00f3 d&#8217;estad\u00edstiques d&#8217;\u00fas del web. si voleu obtenir m\u00e9s informaci\u00f3 sobre per a qu\u00e8 utilitzar\u00e0 les cookies premi<span> <\/span><a href=\"https:\/\/developers.google.com\/analytics\/devguides\/collection\/analyticsjs\/cookie-usage?hl=es\">aqu\u00ed<\/a><\/td>\n<td width=\"77\">  De Tercers<\/td>\n<\/tr>\n<\/tbody>\n<\/table>\n<h3><strong>REVOCACI\u00d3<\/strong><\/h3>\n<p>En tot moment podr\u00e0 accedir a la configuraci\u00f3 del seu navegador acceptant o rebutjant totes les cookies, o b\u00e9 seleccionar aquelles la instal\u00b7laci\u00f3 de les quals admet i quins no, seguint un dels procediments seg\u00fcents, que dep\u00e8n del navegador que utilitzi:<\/p>\n<p><strong>Google Chrome<\/strong><span> <\/span>(al Men\u00fa Eines):<\/p>\n<p>Configuraci\u00f3&gt; Mostrar opcions avan\u00e7ades&gt; Privadesa (Configuraci\u00f3 de contingut)&gt;<span> <\/span><a href=\"https:\/\/support.google.com\/chrome\/answer\/95647?co=GENIE.Platform%3DDesktopandhl=es\">Cookies<\/a><\/p>\n<p><strong>Microsoft Internet Explorer<\/strong><span> <\/span>(al Men\u00fa Eines):<\/p>\n<p>Opcions d&#8217;Internet&gt; Privadesa&gt;<span> <\/span><a href=\"https:\/\/support.microsoft.com\/es-es\/help\/17442\/windows-internet-explorer-delete-manage-cookies\">Avan\u00e7ada<\/a><\/p>\n<p><strong>Firefox:<\/strong><\/p>\n<p>Opcions&gt; Privadesa&gt;<span> <\/span><a href=\"https:\/\/support.mozilla.org\/es\/kb\/habilitar-y-deshabilitar-cookies-sitios-web-rastrear-preferencias\">Cookies<\/a><\/p>\n<p><strong>Safari, iPad i iPhone:<\/strong><\/p>\n<p>Prefer\u00e8ncies&gt;<span> <\/span><a href=\"https:\/\/support.apple.com\/kb\/ph21411?locale=es_ES\">Privadesa<\/a><\/p>\n<p><strong>Opera:<\/strong><\/p>\n<p>Configuraci\u00f3&gt; Opcions&gt; Avan\u00e7at&gt;<span> <\/span><a href=\"http:\/\/help.opera.com\/Windows\/12.00\/es-ES\/cookies.html\">Cookies<\/a><\/p>\n<p>Aquests navegadors estan sotmesos a actualitzacions o modificacions, per la qual cosa no podem garantir que s&#8217;ajustin completament a la versi\u00f3 del vostre navegador. Tamb\u00e9 pot ser que utilitzeu un altre navegador no contemplat en aquests enlla\u00e7os com Konqueror, Arora, Flock, etc. Per evitar aquests desajustaments, podeu accedir directament des de les opcions del vostre navegador, generalment al men\u00fa d&#8217;Opcions a la secci\u00f3 de Privadesa. (Si us plau, consulteu l&#8217;ajuda del vostre navegador per a m\u00e9s informaci\u00f3).<\/p>\n<h3><strong>DESACTIVACI\u00d3\/ACTIVACI\u00d3 I ELIMINACI\u00d3 DE COOKIES<\/strong><\/h3>\n<p>Per restringir o bloquejar les cookies, es fa a trav\u00e9s de la configuraci\u00f3 del navegador.<\/p>\n<p>Si no voleu que els llocs web posin cap cookie al vostre equip, podeu adaptar la configuraci\u00f3 del navegador de manera que se us notifiqui abans que es col\u00b7loqui cap cookie. De la mateixa manera, podeu adaptar la configuraci\u00f3 de manera que el navegador rebutgi totes les cookies, o \u00fanicament les cookies de tercers. Tamb\u00e9 podeu eliminar qualsevol de les cookies que ja es trobin a l&#8217;equip. Tingueu en compte que haureu d&#8217;adaptar per separat la configuraci\u00f3 de cada navegador i equip que utilitzeu.<\/p>\n<p>Tingueu en compte que si no voleu rebre cookies, ja no podrem garantir que el nostre lloc web funcioni degudament. \u00c9s possible que algunes funcions del lloc es perdin i \u00e9s possible que ja no pugueu veure certs llocs web. A m\u00e9s, rebutjar les galetes no significa que ja no vegeu anuncis publicitaris. Simplement els anuncis no s&#8217;ajustaran als vostres interessos i es repetiran amb m\u00e9s freq\u00fc\u00e8ncia.<\/p>\n<p>Cada navegador t\u00e9 un m\u00e8tode diferent per adaptar la configuraci\u00f3. Si cal, consulteu la funci\u00f3 d&#8217;ajuda del navegador per establir la configuraci\u00f3 correcta.<\/p>\n<p>Per desactivar les cookies al tel\u00e8fon m\u00f2bil, consulteu el manual del dispositiu per obtenir m\u00e9s informaci\u00f3.<\/p>\n<p>Podeu obtenir m\u00e9s informaci\u00f3 sobre les cookies a Internet: http:\/\/www.aboutcookies.org\/.<\/p>\n<p>Tenint en compte la manera com funciona Internet i els llocs web, no sempre comptem amb informaci\u00f3 de les cookies que col\u00b7loquen terceres parts a trav\u00e9s del nostre lloc web. Aix\u00f2 s&#8217;aplica especialment a casos en qu\u00e8 la nostra p\u00e0gina web cont\u00e9 all\u00f2 que s&#8217;anomenen elements integrats: textos, documents, imatges o breus pel\u00b7l\u00edcules que s&#8217;emmagatzemen en una altra part, per\u00f2 es mostren al nostre lloc web o a trav\u00e9s d&#8217;aquest.<\/p>\n<p>Per tant, en cas que es trobi amb aquest tipus de cookies en aquest lloc web i no estiguin enumerades a la llista anterior, us preguem que ens ho comuniqueu. O b\u00e9 poseu-vos en contacte directament amb el tercer per demanar-li informaci\u00f3 sobre les cookies que col\u00b7loca, la finalitat i la durada de la cookie, i com ha garantit la seva privadesa.<\/p>\n<p>[\/et_pb_text][\/et_pb_column][\/et_pb_row][\/et_pb_section]<\/p>\n","protected":false},"excerpt":{"rendered":"<p>Pol\u00edtica de Cookies De conformitat amb la normativa espanyola que regula l&#8217;\u00fas de cookies en relaci\u00f3 a la prestaci\u00f3 de serveis de comunicacions electr\u00f2niques, recollida al Reial Decret Llei 13\/2012 del 30 de mar\u00e7, us informem sobre les cookies utilitzades al lloc web de EDUARDO GUTI\u00c9RREZ Y\u00c1\u00d1EZ, (tamb\u00e9 el Prestador) i el motiu del seu [&hellip;]<\/p>\n","protected":false},"author":2,"featured_media":0,"parent":0,"menu_order":0,"comment_status":"closed","ping_status":"closed","template":"","meta":{"_et_pb_use_builder":"on","_et_pb_old_content":"","_et_gb_content_width":"","_joinchat":[],"footnotes":""},"class_list":["post-14755","page","type-page","status-publish","hentry"],"yoast_head":"<!-- This site is optimized with the Yoast SEO plugin v27.5 - https:\/\/yoast.com\/product\/yoast-seo-wordpress\/ -->\n<title>Pol\u00edtica de Cookies - Bicicletes abrilbike<\/title>\n<meta name=\"description\" content=\"Pol\u00edtica de galetes d&#039;abrilbike.com.\" \/>\n<meta name=\"robots\" content=\"noindex, nofollow\" \/>\n<meta property=\"og:locale\" content=\"ca_ES\" \/>\n<meta property=\"og:type\" content=\"article\" \/>\n<meta property=\"og:title\" content=\"Pol\u00edtica de Cookies - Bicicletes abrilbike\" \/>\n<meta property=\"og:description\" content=\"Pol\u00edtica de galetes d&#039;abrilbike.com.\" \/>\n<meta property=\"og:url\" content=\"https:\/\/abrilbike.com\/ca\/politica-de-cookies\/\" \/>\n<meta property=\"og:site_name\" content=\"Bicicletes abrilbike\" \/>\n<meta property=\"article:publisher\" content=\"https:\/\/www.facebook.com\/abrilbike\/\" \/>\n<meta property=\"article:modified_time\" content=\"2025-07-07T13:33:23+00:00\" \/>\n<meta name=\"twitter:card\" content=\"summary_large_image\" \/>\n<meta name=\"twitter:site\" content=\"@abrilbike\" \/>\n<meta name=\"twitter:label1\" content=\"Temps estimat de lectura\" \/>\n\t<meta name=\"twitter:data1\" content=\"7 minuts\" \/>\n<script type=\"application\/ld+json\" class=\"yoast-schema-graph\">{\"@context\":\"https:\\\/\\\/schema.org\",\"@graph\":[{\"@type\":\"WebPage\",\"@id\":\"https:\\\/\\\/abrilbike.com\\\/ca\\\/politica-de-cookies\\\/\",\"url\":\"https:\\\/\\\/abrilbike.com\\\/ca\\\/politica-de-cookies\\\/\",\"name\":\"Pol\u00edtica de Cookies - Bicicletes abrilbike\",\"isPartOf\":{\"@id\":\"https:\\\/\\\/abrilbike.com\\\/ca\\\/#website\"},\"datePublished\":\"2021-06-21T11:03:42+00:00\",\"dateModified\":\"2025-07-07T13:33:23+00:00\",\"description\":\"Pol\u00edtica de galetes d'abrilbike.com.\",\"breadcrumb\":{\"@id\":\"https:\\\/\\\/abrilbike.com\\\/ca\\\/politica-de-cookies\\\/#breadcrumb\"},\"inLanguage\":\"ca\",\"potentialAction\":[{\"@type\":\"ReadAction\",\"target\":[\"https:\\\/\\\/abrilbike.com\\\/ca\\\/politica-de-cookies\\\/\"]}]},{\"@type\":\"BreadcrumbList\",\"@id\":\"https:\\\/\\\/abrilbike.com\\\/ca\\\/politica-de-cookies\\\/#breadcrumb\",\"itemListElement\":[{\"@type\":\"ListItem\",\"position\":1,\"name\":\"Portada\",\"item\":\"https:\\\/\\\/abrilbike.com\\\/ca\\\/\"},{\"@type\":\"ListItem\",\"position\":2,\"name\":\"Pol\u00edtica de Cookies\"}]},{\"@type\":\"WebSite\",\"@id\":\"https:\\\/\\\/abrilbike.com\\\/ca\\\/#website\",\"url\":\"https:\\\/\\\/abrilbike.com\\\/ca\\\/\",\"name\":\"Bicicletas abrilbike\",\"description\":\"Botiga, taller, bike rental i restauradors de bicicletes a Barcelona\",\"publisher\":{\"@id\":\"https:\\\/\\\/abrilbike.com\\\/ca\\\/#organization\"},\"alternateName\":\"Bicis abrilbike Barcelona\",\"potentialAction\":[{\"@type\":\"SearchAction\",\"target\":{\"@type\":\"EntryPoint\",\"urlTemplate\":\"https:\\\/\\\/abrilbike.com\\\/ca\\\/?s={search_term_string}\"},\"query-input\":{\"@type\":\"PropertyValueSpecification\",\"valueRequired\":true,\"valueName\":\"search_term_string\"}}],\"inLanguage\":\"ca\"},{\"@type\":\"Organization\",\"@id\":\"https:\\\/\\\/abrilbike.com\\\/ca\\\/#organization\",\"name\":\"Bicicletes abrilbike\",\"alternateName\":\"Bici Abrilbike Barcelona\",\"url\":\"https:\\\/\\\/abrilbike.com\\\/ca\\\/\",\"logo\":{\"@type\":\"ImageObject\",\"inLanguage\":\"ca\",\"@id\":\"https:\\\/\\\/abrilbike.com\\\/ca\\\/#\\\/schema\\\/logo\\\/image\\\/\",\"url\":\"https:\\\/\\\/abrilbike.com\\\/web21\\\/wp-content\\\/uploads\\\/2021\\\/08\\\/Abrilbike_Logo_In_sobreBlanco-1.png\",\"contentUrl\":\"https:\\\/\\\/abrilbike.com\\\/web21\\\/wp-content\\\/uploads\\\/2021\\\/08\\\/Abrilbike_Logo_In_sobreBlanco-1.png\",\"width\":78,\"height\":73,\"caption\":\"Bicicletes abrilbike\"},\"image\":{\"@id\":\"https:\\\/\\\/abrilbike.com\\\/ca\\\/#\\\/schema\\\/logo\\\/image\\\/\"},\"sameAs\":[\"https:\\\/\\\/www.facebook.com\\\/abrilbike\\\/\",\"https:\\\/\\\/x.com\\\/abrilbike\",\"https:\\\/\\\/www.instagram.com\\\/abrilbike\\\/?hl=es\"]}]}<\/script>\n<!-- \/ Yoast SEO plugin. -->","yoast_head_json":{"title":"Pol\u00edtica de Cookies - Bicicletes abrilbike","description":"Pol\u00edtica de galetes d'abrilbike.com.","robots":{"index":"noindex","follow":"nofollow"},"og_locale":"ca_ES","og_type":"article","og_title":"Pol\u00edtica de Cookies - Bicicletes abrilbike","og_description":"Pol\u00edtica de galetes d'abrilbike.com.","og_url":"https:\/\/abrilbike.com\/ca\/politica-de-cookies\/","og_site_name":"Bicicletes abrilbike","article_publisher":"https:\/\/www.facebook.com\/abrilbike\/","article_modified_time":"2025-07-07T13:33:23+00:00","twitter_card":"summary_large_image","twitter_site":"@abrilbike","twitter_misc":{"Temps estimat de lectura":"7 minuts"},"schema":{"@context":"https:\/\/schema.org","@graph":[{"@type":"WebPage","@id":"https:\/\/abrilbike.com\/ca\/politica-de-cookies\/","url":"https:\/\/abrilbike.com\/ca\/politica-de-cookies\/","name":"Pol\u00edtica de Cookies - Bicicletes abrilbike","isPartOf":{"@id":"https:\/\/abrilbike.com\/ca\/#website"},"datePublished":"2021-06-21T11:03:42+00:00","dateModified":"2025-07-07T13:33:23+00:00","description":"Pol\u00edtica de galetes d'abrilbike.com.","breadcrumb":{"@id":"https:\/\/abrilbike.com\/ca\/politica-de-cookies\/#breadcrumb"},"inLanguage":"ca","potentialAction":[{"@type":"ReadAction","target":["https:\/\/abrilbike.com\/ca\/politica-de-cookies\/"]}]},{"@type":"BreadcrumbList","@id":"https:\/\/abrilbike.com\/ca\/politica-de-cookies\/#breadcrumb","itemListElement":[{"@type":"ListItem","position":1,"name":"Portada","item":"https:\/\/abrilbike.com\/ca\/"},{"@type":"ListItem","position":2,"name":"Pol\u00edtica de Cookies"}]},{"@type":"WebSite","@id":"https:\/\/abrilbike.com\/ca\/#website","url":"https:\/\/abrilbike.com\/ca\/","name":"Bicicletas abrilbike","description":"Botiga, taller, bike rental i restauradors de bicicletes a Barcelona","publisher":{"@id":"https:\/\/abrilbike.com\/ca\/#organization"},"alternateName":"Bicis abrilbike Barcelona","potentialAction":[{"@type":"SearchAction","target":{"@type":"EntryPoint","urlTemplate":"https:\/\/abrilbike.com\/ca\/?s={search_term_string}"},"query-input":{"@type":"PropertyValueSpecification","valueRequired":true,"valueName":"search_term_string"}}],"inLanguage":"ca"},{"@type":"Organization","@id":"https:\/\/abrilbike.com\/ca\/#organization","name":"Bicicletes abrilbike","alternateName":"Bici Abrilbike Barcelona","url":"https:\/\/abrilbike.com\/ca\/","logo":{"@type":"ImageObject","inLanguage":"ca","@id":"https:\/\/abrilbike.com\/ca\/#\/schema\/logo\/image\/","url":"https:\/\/abrilbike.com\/web21\/wp-content\/uploads\/2021\/08\/Abrilbike_Logo_In_sobreBlanco-1.png","contentUrl":"https:\/\/abrilbike.com\/web21\/wp-content\/uploads\/2021\/08\/Abrilbike_Logo_In_sobreBlanco-1.png","width":78,"height":73,"caption":"Bicicletes abrilbike"},"image":{"@id":"https:\/\/abrilbike.com\/ca\/#\/schema\/logo\/image\/"},"sameAs":["https:\/\/www.facebook.com\/abrilbike\/","https:\/\/x.com\/abrilbike","https:\/\/www.instagram.com\/abrilbike\/?hl=es"]}]}},"_links":{"self":[{"href":"https:\/\/abrilbike.com\/ca\/wp-json\/wp\/v2\/pages\/14755","targetHints":{"allow":["GET"]}}],"collection":[{"href":"https:\/\/abrilbike.com\/ca\/wp-json\/wp\/v2\/pages"}],"about":[{"href":"https:\/\/abrilbike.com\/ca\/wp-json\/wp\/v2\/types\/page"}],"author":[{"embeddable":true,"href":"https:\/\/abrilbike.com\/ca\/wp-json\/wp\/v2\/users\/2"}],"replies":[{"embeddable":true,"href":"https:\/\/abrilbike.com\/ca\/wp-json\/wp\/v2\/comments?post=14755"}],"version-history":[{"count":6,"href":"https:\/\/abrilbike.com\/ca\/wp-json\/wp\/v2\/pages\/14755\/revisions"}],"predecessor-version":[{"id":14771,"href":"https:\/\/abrilbike.com\/ca\/wp-json\/wp\/v2\/pages\/14755\/revisions\/14771"}],"wp:attachment":[{"href":"https:\/\/abrilbike.com\/ca\/wp-json\/wp\/v2\/media?parent=14755"}],"curies":[{"name":"wp","href":"https:\/\/api.w.org\/{rel}","templated":true}]}}